{"id":9219,"date":"2025-07-28T15:12:24","date_gmt":"2025-07-28T15:12:24","guid":{"rendered":"https:\/\/espaiphilae.com\/politica-de-cancellacio\/"},"modified":"2025-11-12T23:25:46","modified_gmt":"2025-11-12T23:25:46","slug":"politica-de-cancellacio","status":"publish","type":"page","link":"https:\/\/espaiphilae.com\/ca\/politica-de-cancellacio\/","title":{"rendered":"Pol\u00edtica de cancel\u00b7laci\u00f3"},"content":{"rendered":"\t\t<div data-elementor-type=\"wp-page\" data-elementor-id=\"9219\" class=\"elementor elementor-9219 elementor-574\" data-elementor-post-type=\"page\">\n\t\t\t\t<div class=\"elementor-element elementor-element-5af50780 e-flex e-con-boxed e-con e-parent\" data-id=\"5af50780\" data-element_type=\"container\" data-e-type=\"container\">\n\t\t\t\t\t<div class=\"e-con-inner\">\n\t\t\t\t<div class=\"elementor-element elementor-element-4525c9f9 elementor-widget elementor-widget-text-editor\" data-id=\"4525c9f9\" data-element_type=\"widget\" data-e-type=\"widget\" data-widget_type=\"text-editor.default\">\n\t\t\t\t\t\t\t\t\t\n<h3 class=\"wp-block-heading\">Pol\u00edtica cancel\u00b7laci\u00f3 cursos anuals i semestrals<\/h3>\n\n<ul>\n<li>En cas de baixa fins a 30 dies abans de l&#8217;inici de la formaci\u00f3, es reemborsar\u00e0 l&#8217;import del curs exceptuant el dip\u00f2sit en concepte de matr\u00edcula.<\/li>\n<li>En cas de baixa fins a 15 dies abans de comen\u00e7ar la formaci\u00f3, es reemborsar\u00e0 el 50% del curs exceptuant el dip\u00f2sit en concepte de matr\u00edcula.<\/li>\n<li>En cas de baixa dins dels 15 dies abans de comen\u00e7ar la formaci\u00f3, o un cop iniciada, NO es retornar\u00e0 l&#8217;import abonat.<\/li>\n<\/ul>\n<p> <\/p>\n<h3 class=\"wp-block-heading\">Pol\u00edtica cancel\u00b7laci\u00f3 cursos trimestrals i intensius<\/h3>\n<p>En cas de baixa abans d&#8217;iniciar la formaci\u00f3, NO es reemborsar\u00e0 l&#8217;import del curs.<\/p>\n\t\t\t\t\t\t\t\t<\/div>\n\t\t\t\t\t<\/div>\n\t\t\t\t<\/div>\n\t\t\t\t<\/div>\n\t\t","protected":false},"excerpt":{"rendered":"<p>Pol\u00edtica cancel\u00b7laci\u00f3 cursos anuals i semestrals En cas de baixa fins a 30 dies abans de l&#8217;inici de la formaci\u00f3, es reemborsar\u00e0 l&#8217;import del curs exceptuant el dip\u00f2sit en concepte de matr\u00edcula. En cas de baixa fins a 15 dies abans de comen\u00e7ar la formaci\u00f3, es reemborsar\u00e0 el 50% del curs exceptuant el dip\u00f2sit en [&hellip;]<\/p>\n","protected":false},"author":4,"featured_media":0,"parent":0,"menu_order":0,"comment_status":"closed","ping_status":"closed","template":"","meta":{"_acf_changed":false,"footnotes":""},"class_list":["post-9219","page","type-page","status-publish","hentry"],"acf":[],"yoast_head":"<!-- This site is optimized with the Yoast SEO plugin v27.4 - https:\/\/yoast.com\/product\/yoast-seo-wordpress\/ -->\n<title>Pol\u00edtica de cancel\u00b7laci\u00f3 - Espai Philae<\/title>\n<meta name=\"robots\" content=\"index, follow, max-snippet:-1, max-image-preview:large, max-video-preview:-1\" \/>\n<link rel=\"canonical\" href=\"https:\/\/espaiphilae.com\/ca\/politica-de-cancellacio\/\" \/>\n<meta property=\"og:locale\" content=\"ca_ES\" \/>\n<meta property=\"og:type\" content=\"article\" \/>\n<meta property=\"og:title\" content=\"Pol\u00edtica de cancel\u00b7laci\u00f3 - Espai Philae\" \/>\n<meta property=\"og:description\" content=\"Pol\u00edtica cancel\u00b7laci\u00f3 cursos anuals i semestrals En cas de baixa fins a 30 dies abans de l&#8217;inici de la formaci\u00f3, es reemborsar\u00e0 l&#8217;import del curs exceptuant el dip\u00f2sit en concepte de matr\u00edcula. En cas de baixa fins a 15 dies abans de comen\u00e7ar la formaci\u00f3, es reemborsar\u00e0 el 50% del curs exceptuant el dip\u00f2sit en [&hellip;]\" \/>\n<meta property=\"og:url\" content=\"https:\/\/espaiphilae.com\/ca\/politica-de-cancellacio\/\" \/>\n<meta property=\"og:site_name\" content=\"Espai Philae\" \/>\n<meta property=\"article:modified_time\" content=\"2025-11-12T23:25:46+00:00\" \/>\n<meta name=\"twitter:card\" content=\"summary_large_image\" \/>\n<meta name=\"twitter:label1\" content=\"Temps estimat de lectura\" \/>\n\t<meta name=\"twitter:data1\" content=\"1 minut\" \/>\n<script type=\"application\/ld+json\" class=\"yoast-schema-graph\">{\"@context\":\"https:\\\/\\\/schema.org\",\"@graph\":[{\"@type\":\"WebPage\",\"@id\":\"https:\\\/\\\/espaiphilae.com\\\/ca\\\/politica-de-cancellacio\\\/\",\"url\":\"https:\\\/\\\/espaiphilae.com\\\/ca\\\/politica-de-cancellacio\\\/\",\"name\":\"Pol\u00edtica de cancel\u00b7laci\u00f3 - Espai Philae\",\"isPartOf\":{\"@id\":\"https:\\\/\\\/espaiphilae.com\\\/ca\\\/#website\"},\"datePublished\":\"2025-07-28T15:12:24+00:00\",\"dateModified\":\"2025-11-12T23:25:46+00:00\",\"breadcrumb\":{\"@id\":\"https:\\\/\\\/espaiphilae.com\\\/ca\\\/politica-de-cancellacio\\\/#breadcrumb\"},\"inLanguage\":\"ca\",\"potentialAction\":[{\"@type\":\"ReadAction\",\"target\":[\"https:\\\/\\\/espaiphilae.com\\\/ca\\\/politica-de-cancellacio\\\/\"]}]},{\"@type\":\"BreadcrumbList\",\"@id\":\"https:\\\/\\\/espaiphilae.com\\\/ca\\\/politica-de-cancellacio\\\/#breadcrumb\",\"itemListElement\":[{\"@type\":\"ListItem\",\"position\":1,\"name\":\"Portada\",\"item\":\"https:\\\/\\\/espaiphilae.com\\\/ca\\\/\"},{\"@type\":\"ListItem\",\"position\":2,\"name\":\"Pol\u00edtica de cancel\u00b7laci\u00f3\"}]},{\"@type\":\"WebSite\",\"@id\":\"https:\\\/\\\/espaiphilae.com\\\/ca\\\/#website\",\"url\":\"https:\\\/\\\/espaiphilae.com\\\/ca\\\/\",\"name\":\"Espai Philae\",\"description\":\"Desarrollo personal a trav\u00e9s de las artes esc\u00e9nicas\",\"publisher\":{\"@id\":\"https:\\\/\\\/espaiphilae.com\\\/ca\\\/#organization\"},\"potentialAction\":[{\"@type\":\"SearchAction\",\"target\":{\"@type\":\"EntryPoint\",\"urlTemplate\":\"https:\\\/\\\/espaiphilae.com\\\/ca\\\/?s={search_term_string}\"},\"query-input\":{\"@type\":\"PropertyValueSpecification\",\"valueRequired\":true,\"valueName\":\"search_term_string\"}}],\"inLanguage\":\"ca\"},{\"@type\":\"Organization\",\"@id\":\"https:\\\/\\\/espaiphilae.com\\\/ca\\\/#organization\",\"name\":\"Espai Philae\",\"url\":\"https:\\\/\\\/espaiphilae.com\\\/ca\\\/\",\"logo\":{\"@type\":\"ImageObject\",\"inLanguage\":\"ca\",\"@id\":\"https:\\\/\\\/espaiphilae.com\\\/ca\\\/#\\\/schema\\\/logo\\\/image\\\/\",\"url\":\"https:\\\/\\\/espaiphilae.com\\\/wp-content\\\/uploads\\\/2025\\\/07\\\/COLOR.png\",\"contentUrl\":\"https:\\\/\\\/espaiphilae.com\\\/wp-content\\\/uploads\\\/2025\\\/07\\\/COLOR.png\",\"width\":1295,\"height\":377,\"caption\":\"Espai Philae\"},\"image\":{\"@id\":\"https:\\\/\\\/espaiphilae.com\\\/ca\\\/#\\\/schema\\\/logo\\\/image\\\/\"}}]}<\/script>\n<!-- \/ Yoast SEO plugin. -->","yoast_head_json":{"title":"Pol\u00edtica de cancel\u00b7laci\u00f3 - Espai Philae","robots":{"index":"index","follow":"follow","max-snippet":"max-snippet:-1","max-image-preview":"max-image-preview:large","max-video-preview":"max-video-preview:-1"},"canonical":"https:\/\/espaiphilae.com\/ca\/politica-de-cancellacio\/","og_locale":"ca_ES","og_type":"article","og_title":"Pol\u00edtica de cancel\u00b7laci\u00f3 - Espai Philae","og_description":"Pol\u00edtica cancel\u00b7laci\u00f3 cursos anuals i semestrals En cas de baixa fins a 30 dies abans de l&#8217;inici de la formaci\u00f3, es reemborsar\u00e0 l&#8217;import del curs exceptuant el dip\u00f2sit en concepte de matr\u00edcula. En cas de baixa fins a 15 dies abans de comen\u00e7ar la formaci\u00f3, es reemborsar\u00e0 el 50% del curs exceptuant el dip\u00f2sit en [&hellip;]","og_url":"https:\/\/espaiphilae.com\/ca\/politica-de-cancellacio\/","og_site_name":"Espai Philae","article_modified_time":"2025-11-12T23:25:46+00:00","twitter_card":"summary_large_image","twitter_misc":{"Temps estimat de lectura":"1 minut"},"schema":{"@context":"https:\/\/schema.org","@graph":[{"@type":"WebPage","@id":"https:\/\/espaiphilae.com\/ca\/politica-de-cancellacio\/","url":"https:\/\/espaiphilae.com\/ca\/politica-de-cancellacio\/","name":"Pol\u00edtica de cancel\u00b7laci\u00f3 - Espai Philae","isPartOf":{"@id":"https:\/\/espaiphilae.com\/ca\/#website"},"datePublished":"2025-07-28T15:12:24+00:00","dateModified":"2025-11-12T23:25:46+00:00","breadcrumb":{"@id":"https:\/\/espaiphilae.com\/ca\/politica-de-cancellacio\/#breadcrumb"},"inLanguage":"ca","potentialAction":[{"@type":"ReadAction","target":["https:\/\/espaiphilae.com\/ca\/politica-de-cancellacio\/"]}]},{"@type":"BreadcrumbList","@id":"https:\/\/espaiphilae.com\/ca\/politica-de-cancellacio\/#breadcrumb","itemListElement":[{"@type":"ListItem","position":1,"name":"Portada","item":"https:\/\/espaiphilae.com\/ca\/"},{"@type":"ListItem","position":2,"name":"Pol\u00edtica de cancel\u00b7laci\u00f3"}]},{"@type":"WebSite","@id":"https:\/\/espaiphilae.com\/ca\/#website","url":"https:\/\/espaiphilae.com\/ca\/","name":"Espai Philae","description":"Desarrollo personal a trav\u00e9s de las artes esc\u00e9nicas","publisher":{"@id":"https:\/\/espaiphilae.com\/ca\/#organization"},"potentialAction":[{"@type":"SearchAction","target":{"@type":"EntryPoint","urlTemplate":"https:\/\/espaiphilae.com\/ca\/?s={search_term_string}"},"query-input":{"@type":"PropertyValueSpecification","valueRequired":true,"valueName":"search_term_string"}}],"inLanguage":"ca"},{"@type":"Organization","@id":"https:\/\/espaiphilae.com\/ca\/#organization","name":"Espai Philae","url":"https:\/\/espaiphilae.com\/ca\/","logo":{"@type":"ImageObject","inLanguage":"ca","@id":"https:\/\/espaiphilae.com\/ca\/#\/schema\/logo\/image\/","url":"https:\/\/espaiphilae.com\/wp-content\/uploads\/2025\/07\/COLOR.png","contentUrl":"https:\/\/espaiphilae.com\/wp-content\/uploads\/2025\/07\/COLOR.png","width":1295,"height":377,"caption":"Espai Philae"},"image":{"@id":"https:\/\/espaiphilae.com\/ca\/#\/schema\/logo\/image\/"}}]}},"_links":{"self":[{"href":"https:\/\/espaiphilae.com\/ca\/wp-json\/wp\/v2\/pages\/9219","targetHints":{"allow":["GET"]}}],"collection":[{"href":"https:\/\/espaiphilae.com\/ca\/wp-json\/wp\/v2\/pages"}],"about":[{"href":"https:\/\/espaiphilae.com\/ca\/wp-json\/wp\/v2\/types\/page"}],"author":[{"embeddable":true,"href":"https:\/\/espaiphilae.com\/ca\/wp-json\/wp\/v2\/users\/4"}],"replies":[{"embeddable":true,"href":"https:\/\/espaiphilae.com\/ca\/wp-json\/wp\/v2\/comments?post=9219"}],"version-history":[{"count":0,"href":"https:\/\/espaiphilae.com\/ca\/wp-json\/wp\/v2\/pages\/9219\/revisions"}],"wp:attachment":[{"href":"https:\/\/espaiphilae.com\/ca\/wp-json\/wp\/v2\/media?parent=9219"}],"curies":[{"name":"wp","href":"https:\/\/api.w.org\/{rel}","templated":true}]}}