{"id":9214,"date":"2025-07-18T08:11:33","date_gmt":"2025-07-18T06:11:33","guid":{"rendered":"https:\/\/espaiphilae.com\/politica-de-privacitat\/"},"modified":"2026-04-24T08:41:30","modified_gmt":"2026-04-24T06:41:30","slug":"politica-de-privacitat","status":"publish","type":"page","link":"https:\/\/espaiphilae.com\/ca\/politica-de-privacitat\/","title":{"rendered":"Pol\u00edtica de privacitat"},"content":{"rendered":"\t\t<div data-elementor-type=\"wp-page\" data-elementor-id=\"9214\" class=\"elementor elementor-9214 elementor-3\" data-elementor-post-type=\"page\">\n\t\t\t\t<div class=\"elementor-element elementor-element-279c5f2a e-flex e-con-boxed e-con e-parent\" data-id=\"279c5f2a\" data-element_type=\"container\" data-e-type=\"container\">\n\t\t\t\t\t<div class=\"e-con-inner\">\n\t\t\t\t<div class=\"elementor-element elementor-element-3695eb79 elementor-widget elementor-widget-text-editor\" data-id=\"3695eb79\" data-element_type=\"widget\" data-e-type=\"widget\" data-widget_type=\"text-editor.default\">\n\t\t\t\t\t\t\t\t\t<p><span style=\"font-weight: 400;\">En compliment del Reglament (UE) 2016\/679 del Parlament Europeu i del Consell, de 27 d&#8217;abril de 2016, relatiu a la protecci\u00f3 de les persones f\u00edsiques pel que fa al tractament de dades personals, pel qual es deroga la directiva 95\/46\/CE (d&#8217;ara endavant, RGPD), de la Llei 34\/2002, d&#8217;11 de juliol, de serveis de la societat de la informaci\u00f3 i de comer\u00e7 electr\u00f2nic (d&#8217;ara endavant, LSSI-CE) i de la Llei Org\u00e0nica 3\/2018, de Protecci\u00f3 de Dades Personals i garantia dels drets digitals, ESPAI PHILAE ARTES ESC\u00c8NIQUES SLU garanteix la protecci\u00f3 i confidencialitat de les dades personals, de qualsevol tipus que ens proporcionin els nostres clients, d&#8217;acord amb el que disposa el Reglament General de Protecci\u00f3 de Dades de Car\u00e0cter Personal.<\/span><\/p>\n<p> <\/p>\n<p><span style=\"font-weight: 400;\">La Pol\u00edtica de Protecci\u00f3 de Dades d&#8217;ESPAI PHILAE ARTES ESC\u00c8NIQUES SLU descansa en el principi de responsabilitat proactiva, segons el qual el Responsable del tractament \u00e9s responsable del compliment del marc normatiu i jurisprudencial, i \u00e9s capa\u00e7 de demostrar-ho davant les autoritats de control corresponents.<\/span><\/p>\n<p> <\/p>\n<p><span style=\"font-weight: 400;\">Les dades facilitades seran tractades en els termes establerts en el RGPD; en aquest sentit, ESPAI PHILAE ARTES ESC\u00c8NIQUES SLU ha adoptat els nivells de protecci\u00f3 que legalment s&#8217;exigeixen, i ha instal\u00b7lat totes les mesures t\u00e8cniques al seu abast per evitar la p\u00e8rdua, el mal \u00fas, l&#8217;alteraci\u00f3, l&#8217;acc\u00e9s no autoritzat per tercers, exposats a continuaci\u00f3. No obstant aix\u00f2, l&#8217;usuari ha de ser conscient que les mesures de <\/span><\/p>\n<p><span style=\"font-weight: 400;\">seguretat a Internet no s\u00f3n inexpugnables.<\/span><\/p>\n<p><strong>Responsable del tractament: Qui som?<\/strong><\/p>\n<ul>\n<li><span style=\"font-weight: 400;\">Denominaci\u00f3: ESPAI PHILAE ARTES ESC\u00c8NIQUES SLU<\/span><\/li>\n<li><span style=\"font-weight: 400;\">CIF: B56937352<\/span><\/li>\n<li><span style=\"font-weight: 400;\">Adre\u00e7a: Carrer Saragossa no116 &#8211; local bajos 1, 08006, Barcelona<\/span><\/li>\n<li><span style=\"font-weight: 400;\">Tel\u00e8fon: 645645270<\/span><\/li>\n<li><span style=\"font-weight: 400;\">Correu electr\u00f2nic: hola@espaiphilae.com<\/span><\/li>\n<\/ul>\n<p> <\/p>\n<p><strong>Tractament de dades: Quines dades tractem i quin \u00e9s el seu origen?<\/strong><\/p>\n<p><span style=\"font-weight: 400;\">Segons la relaci\u00f3 que pugui tenir amb nosaltres, es poden tractar les seg\u00fcents categories de dades personals, aix\u00ed com obtenir les dades des de diferents fonts:<\/span><\/p>\n<ul>\n<li><span style=\"font-weight: 400;\">Formularis i trucades de contacte: Les dades provenen del mateix interessat, o del seu representant legal. Les categories de dades que es tractaran s\u00f3n \u00abDades identificatives\u00bb (nom, correu electr\u00f2nic i tel\u00e8fon). <\/span><\/li>\n<li><span style=\"font-weight: 400;\">Sol\u00b7licitud de pressupostos: Les dades provenen del mateix interessat, o del seu representant legal. Les categories de dades que es tractaran s\u00f3n \u00abIdentificatives\u00bb (nom, correu electr\u00f2nic, tel\u00e8fon). <\/span><\/li>\n<li><span style=\"font-weight: 400;\">Prestaci\u00f3 de serveis o venda de productes: Les dades provenen del mateix interessat, o del seu representant legal. Les categories de dades que es tractaran s\u00f3n \u00abIdentificatives\u00bb (nom, correu electr\u00f2nic, tel\u00e8fon, adre\u00e7a postal) i \u00abEcon\u00f2miques\u00bb (dades banc\u00e0ries) <\/span><\/li>\n<li><span style=\"font-weight: 400;\">Enviament de comunicacions comercials: Les dades provenen del mateix interessat, o del seu <\/span>representant legal. Les categories de dades que es tractaran s\u00f3n \u00abIdentificatives\u00bb (nom, correu electr\u00f2nic, tel\u00e8fon, imatge). Se sol\u00b7licitar\u00e0 consentiment expr\u00e9s per a aix\u00f2.  <\/li>\n<\/ul>\n<p> <\/p>\n<p><strong>Finalitat del tractament: Per a qu\u00e8 utilitzarem les seves dades?<\/strong><\/p>\n<p><span style=\"font-weight: 400;\">Formularis de contacte: Totes les dades facilitades pels nostres visitants a la web d&#8217;ESPAI PHILAE ARTES ESC\u00c8NIQUES SLU seran incloses en el registre d&#8217;activitats de tractament de dades de car\u00e0cter personal, creat i mantingut sota la responsabilitat d&#8217;ESPAI PHILAE ARTES ESC\u00c8NIQUES SLU, imprescindibles per resoldre els dubtes o sol\u00b7licituds d&#8217;informaci\u00f3 remeses pels nostres visitants.<\/span><\/p>\n<p> <\/p>\n<p><span style=\"font-weight: 400;\">Cl\u00e0usules Reglament General de Protecci\u00f3 de Dades (RGPD) i la Llei de Serveis Societat de la Informaci\u00f3 i Comer\u00e7 Electr\u00f2nic (LSSI-CE)<\/span><\/p>\n<p> <\/p>\n<p><span style=\"font-weight: 400;\">Atenci\u00f3 al client: Totes les dades facilitades pels nostres clients seran incloses en el registre d&#8217;activitats de tractament de dades de car\u00e0cter personal, creat i mantingut sota la responsabilitat d&#8217;ESPAI PHILAE ARTES ESC\u00c8NIQUES SLU, imprescindibles per prestar els serveis contractats pels nostres clients, aix\u00ed com per resoldre els dubtes o q\u00fcestions que ens plantegin a trav\u00e9s dels nostres canals d&#8217;atenci\u00f3 al client.<\/span><\/p>\n<p><span style=\"font-weight: 400;\">Trucades rebudes: Totes les dades facilitades pels interessats que contactin amb ESPAI PHILAE ARTES ESC\u00c8NIQUES SLU seran incloses en el registre d&#8217;activitats de tractament de dades de car\u00e0cter personal, creat i mantingut sota la responsabilitat d&#8217;ESPAI PHILAE ARTES ESC\u00c8NIQUES SLU, imprescindibles per resoldre els dubtes o sol\u00b7licituds d&#8217;informaci\u00f3 que ens realitzin.<\/span><\/p>\n<p> <\/p>\n<p><span style=\"font-weight: 400;\">Visitants web: Realitzem un seguiment anonimitzat dels visitants a la p\u00e0gina web d&#8217;ESPAI PHILAE ARTES ESC\u00c8NIQUES SLU, per con\u00e8ixer quines p\u00e0gines i serveis tenen m\u00e9s rellev\u00e0ncia per als nostres potencials clients.<\/span><\/p>\n<p> <\/p>\n<p><span style=\"font-weight: 400;\">Butllet\u00ed productes i serveis: Als clients que marquin la casella de consentiment d&#8217;enviament de comunicacions comercials\/publicitat, els enviarem informaci\u00f3 relacionada amb els productes\/serveis que oferim.<\/span><\/p>\n<p> <\/p>\n<p><strong>Legitimitat del tractament: Per qu\u00e8 necessitem les seves dades?<\/strong><\/p>\n<p><span style=\"font-weight: 400;\">a) Relaci\u00f3 contractual: \u00c9s la que aplica quan contracta algun dels nostres serveis\/productes.<\/span><\/p>\n<p><span style=\"font-weight: 400;\">b) Inter\u00e8s leg\u00edtim: Per atendre les consultes i reclamacions que ens plantegi i per gestionar el cobrament de les quantitats degudes.<\/span><\/p>\n<p><span style=\"font-weight: 400;\">c) El seu consentiment: Si \u00e9s usuari de la nostra web, mitjan\u00e7ant la marcaci\u00f3 de la casella que figura en el formulari de contacte, ens autoritza a que li remetem les comunicacions necess\u00e0ries per donar resposta a la consulta o sol\u00b7licitud d&#8217;informaci\u00f3 plantejada i l&#8217;enviament de publicitat amb el previ consentiment de l&#8217;usuari.<\/span><\/p>\n<p> <\/p>\n<p><strong>Destinataris: Amb qui compartim les seves dades?<\/strong><\/p>\n<p><span style=\"font-weight: 400;\">Cedim les seves dades personals a les entitats necess\u00e0ries per assolir la finalitat del tractament i a aquelles entitats a les quals estiguem obligats amb objecte del compliment d&#8217;alguna llei.<\/span><\/p>\n<p> <\/p>\n<p><span style=\"font-weight: 400;\">En el cas que, al marge dels sup\u00f2sits comentats, necessitem donar a con\u00e8ixer la seva informaci\u00f3 personal a altres entitats, li sol\u00b7licitarem pr\u00e8viament el seu perm\u00eds a trav\u00e9s d&#8217;opcions clares que li permetran decidir sobre aquest tema.<\/span><\/p>\n<p><strong>Comunicaci\u00f3: On podr\u00edem enviar les teves dades?<\/strong><\/p>\n<p><span style=\"font-weight: 400;\">No realitzarem transfer\u00e8ncies internacionals de les seves dades personals per a cap de les finalitats indicades.<\/span><\/p>\n<p> <\/p>\n<p><strong>Conservaci\u00f3: Quant temps mantindrem les teves dades?<\/strong><\/p>\n<p><span style=\"font-weight: 400;\">Nom\u00e9s conservarem les seves dades personals durant el temps que resulti necessari per assolir els fins per als quals van ser recaptades. A l&#8217;hora de determinar l&#8217;oport\u00fa per\u00edode de conservaci\u00f3, examinem els riscos que comporta el tractament, aix\u00ed com les nostres obligacions contractuals, legals i normatives, les pol\u00edtiques internes de conservaci\u00f3 de dades i els nostres interessos de negoci leg\u00edtims descrits en el present Av\u00eds de Privacitat i Pol\u00edtica de Cookies. <\/span><\/p>\n<p><span style=\"font-weight: 400;\">En aquest sentit, ESPAI PHILAE ARTES ESC\u00c8NIQUES SLU conservar\u00e0 les dades personals una vegada finalitzada la seva relaci\u00f3 amb Vost\u00e8, degudament bloquejades, durant el termini de prescripci\u00f3 de les accions que poguessin derivar-se de la relaci\u00f3 mantinguda amb l&#8217;interessat.<\/span><\/p>\n<p> <\/p>\n<p><span style=\"font-weight: 400;\">Una vegada bloquejades, les seves dades resultaran inaccessibles per a ESPAI PHILAE ARTES ESC\u00c8NIQUES SLU, i no seran tractades excepte per a la seva posada a disposici\u00f3 a les Administracions p\u00fabliques, Jutges i Tribunals, per a l&#8217;atenci\u00f3 de les possibles responsabilitats nascudes dels tractaments, aix\u00ed com per a l&#8217;exercici i <\/span><span style=\"font-weight: 400;\">defensa de reclamacions davant l&#8217;Ag\u00e8ncia Espanyola de Protecci\u00f3 de Dades.<\/span><\/p>\n<p> <\/p>\n<p><span style=\"font-weight: 400;\">Cl\u00e0usules Reglament General de Protecci\u00f3 de Dades (RGPD) i la Llei de Serveis Societat de la Informaci\u00f3 i Comer\u00e7 Electr\u00f2nic (LSSI-CE)<\/span><\/p>\n<p> <\/p>\n<p><strong>Seguretat: Com protegirem les seves dades?<\/strong><\/p>\n<p><span style=\"font-weight: 400;\">Emprem tots els esfor\u00e7os raonables per mantenir la confidencialitat de la informaci\u00f3 personal que es tracti en els nostres sistemes. Mantenim estrictes nivells de seguretat per protegir les dades de car\u00e0cter personal que processem davant de p\u00e8rdues fortu\u00eftes i a accessos, tractaments o revelacions no autoritzats, tenint en compte l&#8217;estat de la tecnologia, la naturalesa i els riscos a qu\u00e8 estan exposades les dades. No obstant aix\u00f2, no podem responsabilitzar-nos de l&#8217;\u00fas que Vost\u00e8 faci de les dades (incl\u00f2s usuari <\/span><span style=\"font-weight: 400;\">i contrasenya) que utilitzi a la nostra web. El nostre personal segueix estrictes normes de privacitat i en el cas que contractem a tercers per prestar serveis de suport, els exigim que acatin les mateixes normes i ens permetin auditar-los per verificar el seu compliment.<\/span><\/p>\n<p> <\/p>\n<p><strong>Els seus drets: Quins drets pot exercir com a interessat?<\/strong><\/p>\n<p><span style=\"font-weight: 400;\">Li informem que podr\u00e0 exercir els seg\u00fcents drets:<\/span><\/p>\n<p><span style=\"font-weight: 400;\">a) Dret d&#8217;acc\u00e9s a les seves dades personals, per saber quines estan sent objecte de tractament i les operacions de tractament dutes a terme amb elles;<\/span><\/p>\n<p><span style=\"font-weight: 400;\">b) Dret de rectificaci\u00f3 de qualsevol dada personal inexacta;<\/span><\/p>\n<p><span style=\"font-weight: 400;\">c) Dret de supressi\u00f3 de les seves dades personals, quan aix\u00f2 sigui possible (per exemple, per imperatiu legal);<\/span><\/p>\n<p><span style=\"font-weight: 400;\">d) Dret de limitaci\u00f3 del tractament de les seves dades personals quan l&#8217;exactitud, la legalitat o la necessitat del tractament de les dades resulti dubtosa, en aquest cas, podrem conservar-los per a l&#8217;exercici o la defensa de reclamacions.<\/span><\/p>\n<p><span style=\"font-weight: 400;\">e) Dret d&#8217;oposici\u00f3 al tractament de les seves dades personals, quan la base legal que ens habiliti per al seu tractament de les indicades sigui el nostre inter\u00e8s leg\u00edtim. ESPAI PHILAE ARTES ESC\u00c8NIQUES SLU deixar\u00e0 de tractar les teves dades tret que tingui un inter\u00e8s leg\u00edtim o sigui necessari per a la defensa de reclamacions, quan procedeixi aquest dret. <\/span><\/p>\n<p><span style=\"font-weight: 400;\">f) Dret a la portabilitat de les seves dades, quan la base legal que ens habiliti per al seu tractament sigui l&#8217;exist\u00e8ncia d&#8217;una relaci\u00f3 contractual o el seu consentiment.<\/span><\/p>\n<p><span style=\"font-weight: 400;\">g) Dret a revocar el consentiment atorgat a ESPAI PHILAE ARTES ESC\u00c8NIQUES SLU.<\/span><\/p>\n<p><span style=\"font-weight: 400;\">Per exercitar els seus drets, pot fer-ho de manera gratu\u00efta i en qualsevol moment, contactant amb nosaltres a l&#8217;adre\u00e7a Carrer Saragossa no116 &#8211; local bajos 1, 08006, Barcelona, o escrivint un correu a hola@espaiphilae.com.<\/span><\/p>\n<p> <\/p>\n<p><strong>Tutela de drets: On pot formular una reclamaci\u00f3?<\/strong><\/p>\n<p><span style=\"font-weight: 400;\">En cas que entengui que els seus drets han estat desatesos per la nostra entitat, pot formular una reclamaci\u00f3 a l&#8217;Ag\u00e8ncia Espanyola de Protecci\u00f3 de Dades, a trav\u00e9s d&#8217;algun dels mitjans seg\u00fcents:<\/span><\/p>\n<p><span style=\"font-weight: 400;\">&#8211; Seu electr\u00f2nica: https:\/\/www.aepd.es<\/span><\/p>\n<p><span style=\"font-weight: 400;\">&#8211; Correu postal: Ag\u00e8ncia Espanyola de Protecci\u00f3 de Dades, C\/ Jorge Juan, 6, 28001, Madrid<\/span><\/p>\n<p><span style=\"font-weight: 400;\">&#8211; Tel\u00e8fon: 901.100.099 i 912.663.517<\/span><\/p>\n<p><span style=\"font-weight: 400;\">Formular una reclamaci\u00f3 a l&#8217;Ag\u00e8ncia Espanyola de Protecci\u00f3 de Dades no comporta cap cost i no \u00e9s necess\u00e0ria l&#8217;assist\u00e8ncia d&#8217;advocat ni procurador.<\/span><\/p>\n<p><strong>Actualitzacions: Quins canvis hi pot haver en aquesta Pol\u00edtica de Privacitat?<\/strong><\/p>\n<p><span style=\"font-weight: 400;\">ESPAI PHILAE ARTES ESC\u00c8NIQUES SLU es reserva el dret a modificar la present pol\u00edtica per adaptar-la a novetats legislatives o jurisprudencials que puguin afectar el compliment de la mateixa.<\/span><\/p>\n<p><span style=\"font-weight: 400;\">Amb objecte de garantir el compliment de la normativa sobre protecci\u00f3 de dades de car\u00e0cter personal, ESPAI PHILAE ARTES ESC\u00c8NIQUES<\/span><\/p>\n<p><br style=\"font-weight: 400;\"><br style=\"font-weight: 400;\"><br><\/p>\n<p><\/p>\t\t\t\t\t\t\t\t<\/div>\n\t\t\t\t\t<\/div>\n\t\t\t\t<\/div>\n\t\t\t\t<\/div>\n\t\t","protected":false},"excerpt":{"rendered":"<p>En compliment del Reglament (UE) 2016\/679 del Parlament Europeu i del Consell, de 27 d&#8217;abril de 2016, relatiu a la protecci\u00f3 de les persones f\u00edsiques pel que fa al tractament de dades personals, pel qual es deroga la directiva 95\/46\/CE (d&#8217;ara endavant, RGPD), de la Llei 34\/2002, d&#8217;11 de juliol, de serveis de la societat [&hellip;]<\/p>\n","protected":false},"author":4,"featured_media":0,"parent":0,"menu_order":0,"comment_status":"closed","ping_status":"closed","template":"","meta":{"_acf_changed":false,"footnotes":""},"class_list":["post-9214","page","type-page","status-publish","hentry"],"acf":[],"yoast_head":"<!-- This site is optimized with the Yoast SEO plugin v27.4 - https:\/\/yoast.com\/product\/yoast-seo-wordpress\/ -->\n<title>Pol\u00edtica de privacitat - Espai Philae<\/title>\n<meta name=\"robots\" content=\"index, follow, max-snippet:-1, max-image-preview:large, max-video-preview:-1\" \/>\n<link rel=\"canonical\" href=\"https:\/\/espaiphilae.com\/ca\/politica-de-privacitat\/\" \/>\n<meta property=\"og:locale\" content=\"ca_ES\" \/>\n<meta property=\"og:type\" content=\"article\" \/>\n<meta property=\"og:title\" content=\"Pol\u00edtica de privacitat - Espai Philae\" \/>\n<meta property=\"og:description\" content=\"En compliment del Reglament (UE) 2016\/679 del Parlament Europeu i del Consell, de 27 d&#8217;abril de 2016, relatiu a la protecci\u00f3 de les persones f\u00edsiques pel que fa al tractament de dades personals, pel qual es deroga la directiva 95\/46\/CE (d&#8217;ara endavant, RGPD), de la Llei 34\/2002, d&#8217;11 de juliol, de serveis de la societat [&hellip;]\" \/>\n<meta property=\"og:url\" content=\"https:\/\/espaiphilae.com\/ca\/politica-de-privacitat\/\" \/>\n<meta property=\"og:site_name\" content=\"Espai Philae\" \/>\n<meta property=\"article:modified_time\" content=\"2026-04-24T06:41:30+00:00\" \/>\n<meta name=\"twitter:card\" content=\"summary_large_image\" \/>\n<meta name=\"twitter:label1\" content=\"Temps estimat de lectura\" \/>\n\t<meta name=\"twitter:data1\" content=\"9 minuts\" \/>\n<script type=\"application\/ld+json\" class=\"yoast-schema-graph\">{\"@context\":\"https:\\\/\\\/schema.org\",\"@graph\":[{\"@type\":\"WebPage\",\"@id\":\"https:\\\/\\\/espaiphilae.com\\\/ca\\\/politica-de-privacitat\\\/\",\"url\":\"https:\\\/\\\/espaiphilae.com\\\/ca\\\/politica-de-privacitat\\\/\",\"name\":\"Pol\u00edtica de privacitat - Espai Philae\",\"isPartOf\":{\"@id\":\"https:\\\/\\\/espaiphilae.com\\\/ca\\\/#website\"},\"datePublished\":\"2025-07-18T06:11:33+00:00\",\"dateModified\":\"2026-04-24T06:41:30+00:00\",\"breadcrumb\":{\"@id\":\"https:\\\/\\\/espaiphilae.com\\\/ca\\\/politica-de-privacitat\\\/#breadcrumb\"},\"inLanguage\":\"ca\",\"potentialAction\":[{\"@type\":\"ReadAction\",\"target\":[\"https:\\\/\\\/espaiphilae.com\\\/ca\\\/politica-de-privacitat\\\/\"]}]},{\"@type\":\"BreadcrumbList\",\"@id\":\"https:\\\/\\\/espaiphilae.com\\\/ca\\\/politica-de-privacitat\\\/#breadcrumb\",\"itemListElement\":[{\"@type\":\"ListItem\",\"position\":1,\"name\":\"Portada\",\"item\":\"https:\\\/\\\/espaiphilae.com\\\/ca\\\/\"},{\"@type\":\"ListItem\",\"position\":2,\"name\":\"Pol\u00edtica de privacitat\"}]},{\"@type\":\"WebSite\",\"@id\":\"https:\\\/\\\/espaiphilae.com\\\/ca\\\/#website\",\"url\":\"https:\\\/\\\/espaiphilae.com\\\/ca\\\/\",\"name\":\"Espai Philae\",\"description\":\"Desarrollo personal a trav\u00e9s de las artes esc\u00e9nicas\",\"publisher\":{\"@id\":\"https:\\\/\\\/espaiphilae.com\\\/ca\\\/#organization\"},\"potentialAction\":[{\"@type\":\"SearchAction\",\"target\":{\"@type\":\"EntryPoint\",\"urlTemplate\":\"https:\\\/\\\/espaiphilae.com\\\/ca\\\/?s={search_term_string}\"},\"query-input\":{\"@type\":\"PropertyValueSpecification\",\"valueRequired\":true,\"valueName\":\"search_term_string\"}}],\"inLanguage\":\"ca\"},{\"@type\":\"Organization\",\"@id\":\"https:\\\/\\\/espaiphilae.com\\\/ca\\\/#organization\",\"name\":\"Espai Philae\",\"url\":\"https:\\\/\\\/espaiphilae.com\\\/ca\\\/\",\"logo\":{\"@type\":\"ImageObject\",\"inLanguage\":\"ca\",\"@id\":\"https:\\\/\\\/espaiphilae.com\\\/ca\\\/#\\\/schema\\\/logo\\\/image\\\/\",\"url\":\"https:\\\/\\\/espaiphilae.com\\\/wp-content\\\/uploads\\\/2025\\\/07\\\/COLOR.png\",\"contentUrl\":\"https:\\\/\\\/espaiphilae.com\\\/wp-content\\\/uploads\\\/2025\\\/07\\\/COLOR.png\",\"width\":1295,\"height\":377,\"caption\":\"Espai Philae\"},\"image\":{\"@id\":\"https:\\\/\\\/espaiphilae.com\\\/ca\\\/#\\\/schema\\\/logo\\\/image\\\/\"}}]}<\/script>\n<!-- \/ Yoast SEO plugin. -->","yoast_head_json":{"title":"Pol\u00edtica de privacitat - Espai Philae","robots":{"index":"index","follow":"follow","max-snippet":"max-snippet:-1","max-image-preview":"max-image-preview:large","max-video-preview":"max-video-preview:-1"},"canonical":"https:\/\/espaiphilae.com\/ca\/politica-de-privacitat\/","og_locale":"ca_ES","og_type":"article","og_title":"Pol\u00edtica de privacitat - Espai Philae","og_description":"En compliment del Reglament (UE) 2016\/679 del Parlament Europeu i del Consell, de 27 d&#8217;abril de 2016, relatiu a la protecci\u00f3 de les persones f\u00edsiques pel que fa al tractament de dades personals, pel qual es deroga la directiva 95\/46\/CE (d&#8217;ara endavant, RGPD), de la Llei 34\/2002, d&#8217;11 de juliol, de serveis de la societat [&hellip;]","og_url":"https:\/\/espaiphilae.com\/ca\/politica-de-privacitat\/","og_site_name":"Espai Philae","article_modified_time":"2026-04-24T06:41:30+00:00","twitter_card":"summary_large_image","twitter_misc":{"Temps estimat de lectura":"9 minuts"},"schema":{"@context":"https:\/\/schema.org","@graph":[{"@type":"WebPage","@id":"https:\/\/espaiphilae.com\/ca\/politica-de-privacitat\/","url":"https:\/\/espaiphilae.com\/ca\/politica-de-privacitat\/","name":"Pol\u00edtica de privacitat - Espai Philae","isPartOf":{"@id":"https:\/\/espaiphilae.com\/ca\/#website"},"datePublished":"2025-07-18T06:11:33+00:00","dateModified":"2026-04-24T06:41:30+00:00","breadcrumb":{"@id":"https:\/\/espaiphilae.com\/ca\/politica-de-privacitat\/#breadcrumb"},"inLanguage":"ca","potentialAction":[{"@type":"ReadAction","target":["https:\/\/espaiphilae.com\/ca\/politica-de-privacitat\/"]}]},{"@type":"BreadcrumbList","@id":"https:\/\/espaiphilae.com\/ca\/politica-de-privacitat\/#breadcrumb","itemListElement":[{"@type":"ListItem","position":1,"name":"Portada","item":"https:\/\/espaiphilae.com\/ca\/"},{"@type":"ListItem","position":2,"name":"Pol\u00edtica de privacitat"}]},{"@type":"WebSite","@id":"https:\/\/espaiphilae.com\/ca\/#website","url":"https:\/\/espaiphilae.com\/ca\/","name":"Espai Philae","description":"Desarrollo personal a trav\u00e9s de las artes esc\u00e9nicas","publisher":{"@id":"https:\/\/espaiphilae.com\/ca\/#organization"},"potentialAction":[{"@type":"SearchAction","target":{"@type":"EntryPoint","urlTemplate":"https:\/\/espaiphilae.com\/ca\/?s={search_term_string}"},"query-input":{"@type":"PropertyValueSpecification","valueRequired":true,"valueName":"search_term_string"}}],"inLanguage":"ca"},{"@type":"Organization","@id":"https:\/\/espaiphilae.com\/ca\/#organization","name":"Espai Philae","url":"https:\/\/espaiphilae.com\/ca\/","logo":{"@type":"ImageObject","inLanguage":"ca","@id":"https:\/\/espaiphilae.com\/ca\/#\/schema\/logo\/image\/","url":"https:\/\/espaiphilae.com\/wp-content\/uploads\/2025\/07\/COLOR.png","contentUrl":"https:\/\/espaiphilae.com\/wp-content\/uploads\/2025\/07\/COLOR.png","width":1295,"height":377,"caption":"Espai Philae"},"image":{"@id":"https:\/\/espaiphilae.com\/ca\/#\/schema\/logo\/image\/"}}]}},"_links":{"self":[{"href":"https:\/\/espaiphilae.com\/ca\/wp-json\/wp\/v2\/pages\/9214","targetHints":{"allow":["GET"]}}],"collection":[{"href":"https:\/\/espaiphilae.com\/ca\/wp-json\/wp\/v2\/pages"}],"about":[{"href":"https:\/\/espaiphilae.com\/ca\/wp-json\/wp\/v2\/types\/page"}],"author":[{"embeddable":true,"href":"https:\/\/espaiphilae.com\/ca\/wp-json\/wp\/v2\/users\/4"}],"replies":[{"embeddable":true,"href":"https:\/\/espaiphilae.com\/ca\/wp-json\/wp\/v2\/comments?post=9214"}],"version-history":[{"count":3,"href":"https:\/\/espaiphilae.com\/ca\/wp-json\/wp\/v2\/pages\/9214\/revisions"}],"predecessor-version":[{"id":11887,"href":"https:\/\/espaiphilae.com\/ca\/wp-json\/wp\/v2\/pages\/9214\/revisions\/11887"}],"wp:attachment":[{"href":"https:\/\/espaiphilae.com\/ca\/wp-json\/wp\/v2\/media?parent=9214"}],"curies":[{"name":"wp","href":"https:\/\/api.w.org\/{rel}","templated":true}]}}